{"id":2275,"date":"2020-11-15T14:15:37","date_gmt":"2020-11-15T12:15:37","guid":{"rendered":"https:\/\/kloster.lorsch.de\/?p=2275"},"modified":"2024-01-15T10:00:39","modified_gmt":"2024-01-15T09:00:39","slug":"lesenacht-ratekrimi-iii-der-pfefferdieb","status":"publish","type":"product","link":"https:\/\/kloster-lorsch.de\/en\/produkt\/lesenacht-ratekrimi-iii-der-pfefferdieb\/","title":{"rendered":"Lesenacht: Ratekrimi III \u2013 Der Pfefferdieb"},"content":{"rendered":"<p>1390: In Erlenburg bereitet man sich auf das allj\u00e4hrliche Kirschenfest vor. Zwischen all den Vorbereitungen, dem Schm\u00fccken der Stadt und dem Kochen des Festmahls auf der Burg verschwindet ein wertvoller Pfeffersack und ausgerechnet Hannes, ein K\u00fcchenjunge des Grafen, wird des Diebstahls verd\u00e4chtigt. Nur seine Freunde Agnes und Jakob glauben an seine Unschuld. Und ihr hoffentlich auch, denn ihr sollt Hannes von den Verd\u00e4chtigungen befreien und den wahren Dieb \u00fcberf\u00fchren.<\/p>\n<p>Das Buch <strong>\u201eDer Pfefferdieb\u201c<\/strong> von Christa Holtei zeigt das Leben in einer mittelalterlichen Stadt und bietet viel Ratespa\u00df.<\/p>\n<p>Jedes Kind sollte etwas Proviant mitbringen!<\/p>\n<p><strong>Empfohlene Altersstufen:<\/strong> Grundschule (ab 4. Klasse), Unterstufe<\/p>\n<p><strong>Gruppengr\u00f6\u00dfe:<\/strong> maximal 20 Kinder<\/p>\n<p><strong>Veranstaltungsort:<\/strong> Kloster (Museumszentrum)<\/p>\n<p><strong>Dauer:<\/strong> 3,5 Stunden (drei Lesesequenzen und zwei Pausen)<\/p>\n<p><strong>Buchbar:<\/strong> ganzj\u00e4hrig<\/p>\n","protected":false},"excerpt":{"rendered":"<p>Lesenacht<\/p>\n","protected":false},"featured_media":13611,"template":"","meta":[],"product_brand":[],"product_cat":[331,332,325],"product_tag":[341,350],"class_list":{"0":"post-2275","1":"product","2":"type-product","3":"status-publish","4":"has-post-thumbnail","6":"product_cat-grundschule","7":"product_cat-unterstufe","8":"product_cat-maerchen-lesenaechte","9":"product_tag-kindergeburtstag","10":"product_tag-schulklassen","12":"first","13":"instock","14":"shipping-taxable","15":"product-type-simple"},"yoast_head":"<!-- This site is optimized with the Yoast SEO plugin v27.5 - https:\/\/yoast.com\/product\/yoast-seo-wordpress\/ -->\n<title>Lesenacht: Ratekrimi III \u2013 Der Pfefferdieb - UNESCO WELTERBE KLOSTER LORSCH<\/title>\n<meta name=\"robots\" content=\"index, follow, max-snippet:-1, max-image-preview:large, max-video-preview:-1\" \/>\n<link rel=\"canonical\" href=\"https:\/\/kloster-lorsch.de\/en\/produkt\/lesenacht-ratekrimi-iii-der-pfefferdieb\/\" \/>\n<meta property=\"og:locale\" content=\"en_US\" \/>\n<meta property=\"og:type\" content=\"article\" \/>\n<meta property=\"og:title\" content=\"Lesenacht: Ratekrimi III \u2013 Der Pfefferdieb - UNESCO WELTERBE KLOSTER LORSCH\" \/>\n<meta property=\"og:description\" content=\"Lesenacht\" \/>\n<meta property=\"og:url\" content=\"https:\/\/kloster-lorsch.de\/en\/produkt\/lesenacht-ratekrimi-iii-der-pfefferdieb\/\" \/>\n<meta property=\"og:site_name\" content=\"UNESCO WELTERBE KLOSTER LORSCH\" \/>\n<meta property=\"article:publisher\" content=\"https:\/\/www.facebook.com\/klosterlorsch\" \/>\n<meta property=\"article:modified_time\" content=\"2024-01-15T09:00:39+00:00\" \/>\n<meta property=\"og:image\" content=\"https:\/\/kloster-lorsch.de\/wp-content\/uploads\/2020\/11\/Lesenacht-Bildnachweis-M-C-Thumm-2023-10-02_1028_D8E4442-ausschnitt.jpg\" \/>\n\t<meta property=\"og:image:width\" content=\"1200\" \/>\n\t<meta property=\"og:image:height\" content=\"750\" \/>\n\t<meta property=\"og:image:type\" content=\"image\/jpeg\" \/>\n<meta name=\"twitter:card\" content=\"summary_large_image\" \/>\n<meta name=\"twitter:label1\" content=\"Est. reading time\" \/>\n\t<meta name=\"twitter:data1\" content=\"1 minute\" \/>\n<script type=\"application\/ld+json\" class=\"yoast-schema-graph\">{\"@context\":\"https:\\\/\\\/schema.org\",\"@graph\":[{\"@type\":\"WebPage\",\"@id\":\"https:\\\/\\\/kloster-lorsch.de\\\/en\\\/produkt\\\/lesenacht-ratekrimi-iii-der-pfefferdieb\\\/\",\"url\":\"https:\\\/\\\/kloster-lorsch.de\\\/en\\\/produkt\\\/lesenacht-ratekrimi-iii-der-pfefferdieb\\\/\",\"name\":\"Lesenacht: Ratekrimi III \u2013 Der Pfefferdieb - UNESCO WELTERBE KLOSTER LORSCH\",\"isPartOf\":{\"@id\":\"https:\\\/\\\/kloster-lorsch.de\\\/en\\\/#website\"},\"primaryImageOfPage\":{\"@id\":\"https:\\\/\\\/kloster-lorsch.de\\\/en\\\/produkt\\\/lesenacht-ratekrimi-iii-der-pfefferdieb\\\/#primaryimage\"},\"image\":{\"@id\":\"https:\\\/\\\/kloster-lorsch.de\\\/en\\\/produkt\\\/lesenacht-ratekrimi-iii-der-pfefferdieb\\\/#primaryimage\"},\"thumbnailUrl\":\"https:\\\/\\\/kloster-lorsch.de\\\/wp-content\\\/uploads\\\/2020\\\/11\\\/Lesenacht-Bildnachweis-M-C-Thumm-2023-10-02_1028_D8E4442-ausschnitt.jpg\",\"datePublished\":\"2020-11-15T12:15:37+00:00\",\"dateModified\":\"2024-01-15T09:00:39+00:00\",\"breadcrumb\":{\"@id\":\"https:\\\/\\\/kloster-lorsch.de\\\/en\\\/produkt\\\/lesenacht-ratekrimi-iii-der-pfefferdieb\\\/#breadcrumb\"},\"inLanguage\":\"en-US\",\"potentialAction\":[{\"@type\":\"ReadAction\",\"target\":[\"https:\\\/\\\/kloster-lorsch.de\\\/en\\\/produkt\\\/lesenacht-ratekrimi-iii-der-pfefferdieb\\\/\"]}]},{\"@type\":\"ImageObject\",\"inLanguage\":\"en-US\",\"@id\":\"https:\\\/\\\/kloster-lorsch.de\\\/en\\\/produkt\\\/lesenacht-ratekrimi-iii-der-pfefferdieb\\\/#primaryimage\",\"url\":\"https:\\\/\\\/kloster-lorsch.de\\\/wp-content\\\/uploads\\\/2020\\\/11\\\/Lesenacht-Bildnachweis-M-C-Thumm-2023-10-02_1028_D8E4442-ausschnitt.jpg\",\"contentUrl\":\"https:\\\/\\\/kloster-lorsch.de\\\/wp-content\\\/uploads\\\/2020\\\/11\\\/Lesenacht-Bildnachweis-M-C-Thumm-2023-10-02_1028_D8E4442-ausschnitt.jpg\",\"width\":1200,\"height\":750,\"caption\":\"Bild: M. C. Thumm\"},{\"@type\":\"BreadcrumbList\",\"@id\":\"https:\\\/\\\/kloster-lorsch.de\\\/en\\\/produkt\\\/lesenacht-ratekrimi-iii-der-pfefferdieb\\\/#breadcrumb\",\"itemListElement\":[{\"@type\":\"ListItem\",\"position\":1,\"name\":\"Startseite\",\"item\":\"https:\\\/\\\/kloster-lorsch.de\\\/en\\\/\"},{\"@type\":\"ListItem\",\"position\":2,\"name\":\"Buchbare Angebote\",\"item\":\"https:\\\/\\\/kloster-lorsch.de\\\/kurse-workshops\\\/angebote\\\/\"},{\"@type\":\"ListItem\",\"position\":3,\"name\":\"Lesenacht: Ratekrimi III \u2013 Der Pfefferdieb\"}]},{\"@type\":\"WebSite\",\"@id\":\"https:\\\/\\\/kloster-lorsch.de\\\/en\\\/#website\",\"url\":\"https:\\\/\\\/kloster-lorsch.de\\\/en\\\/\",\"name\":\"UNESCO WELTERBE KLOSTER LORSCH\",\"description\":\"Welterbeareal mit Freilichtlabor Lauresham\",\"publisher\":{\"@id\":\"https:\\\/\\\/kloster-lorsch.de\\\/en\\\/#organization\"},\"potentialAction\":[{\"@type\":\"SearchAction\",\"target\":{\"@type\":\"EntryPoint\",\"urlTemplate\":\"https:\\\/\\\/kloster-lorsch.de\\\/en\\\/?s={search_term_string}\"},\"query-input\":{\"@type\":\"PropertyValueSpecification\",\"valueRequired\":true,\"valueName\":\"search_term_string\"}}],\"inLanguage\":\"en-US\"},{\"@type\":\"Organization\",\"@id\":\"https:\\\/\\\/kloster-lorsch.de\\\/en\\\/#organization\",\"name\":\"UNESCO Welterbe Kloster Lorsch\",\"alternateName\":\"WEKL\",\"url\":\"https:\\\/\\\/kloster-lorsch.de\\\/en\\\/\",\"logo\":{\"@type\":\"ImageObject\",\"inLanguage\":\"en-US\",\"@id\":\"https:\\\/\\\/kloster-lorsch.de\\\/en\\\/#\\\/schema\\\/logo\\\/image\\\/\",\"url\":\"https:\\\/\\\/kloster-lorsch.de\\\/wp-content\\\/uploads\\\/2020\\\/06\\\/WEKL_logo-weiss.png\",\"contentUrl\":\"https:\\\/\\\/kloster-lorsch.de\\\/wp-content\\\/uploads\\\/2020\\\/06\\\/WEKL_logo-weiss.png\",\"width\":2742,\"height\":2370,\"caption\":\"UNESCO Welterbe Kloster Lorsch\"},\"image\":{\"@id\":\"https:\\\/\\\/kloster-lorsch.de\\\/en\\\/#\\\/schema\\\/logo\\\/image\\\/\"},\"sameAs\":[\"https:\\\/\\\/www.facebook.com\\\/klosterlorsch\",\"https:\\\/\\\/www.youtube.com\\\/channel\\\/UCscD4hbr10MaVxxOJhPpvOQ\",\"https:\\\/\\\/de.wikipedia.org\\\/wiki\\\/Kloster_Lorsch\"]}]}<\/script>\n<!-- \/ Yoast SEO plugin. -->","yoast_head_json":{"title":"Lesenacht: Ratekrimi III \u2013 Der Pfefferdieb - UNESCO WELTERBE KLOSTER LORSCH","robots":{"index":"index","follow":"follow","max-snippet":"max-snippet:-1","max-image-preview":"max-image-preview:large","max-video-preview":"max-video-preview:-1"},"canonical":"https:\/\/kloster-lorsch.de\/en\/produkt\/lesenacht-ratekrimi-iii-der-pfefferdieb\/","og_locale":"en_US","og_type":"article","og_title":"Lesenacht: Ratekrimi III \u2013 Der Pfefferdieb - UNESCO WELTERBE KLOSTER LORSCH","og_description":"Lesenacht","og_url":"https:\/\/kloster-lorsch.de\/en\/produkt\/lesenacht-ratekrimi-iii-der-pfefferdieb\/","og_site_name":"UNESCO WELTERBE KLOSTER LORSCH","article_publisher":"https:\/\/www.facebook.com\/klosterlorsch","article_modified_time":"2024-01-15T09:00:39+00:00","og_image":[{"width":1200,"height":750,"url":"https:\/\/kloster-lorsch.de\/wp-content\/uploads\/2020\/11\/Lesenacht-Bildnachweis-M-C-Thumm-2023-10-02_1028_D8E4442-ausschnitt.jpg","type":"image\/jpeg"}],"twitter_card":"summary_large_image","twitter_misc":{"Est. reading time":"1 minute"},"schema":{"@context":"https:\/\/schema.org","@graph":[{"@type":"WebPage","@id":"https:\/\/kloster-lorsch.de\/en\/produkt\/lesenacht-ratekrimi-iii-der-pfefferdieb\/","url":"https:\/\/kloster-lorsch.de\/en\/produkt\/lesenacht-ratekrimi-iii-der-pfefferdieb\/","name":"Lesenacht: Ratekrimi III \u2013 Der Pfefferdieb - UNESCO WELTERBE KLOSTER LORSCH","isPartOf":{"@id":"https:\/\/kloster-lorsch.de\/en\/#website"},"primaryImageOfPage":{"@id":"https:\/\/kloster-lorsch.de\/en\/produkt\/lesenacht-ratekrimi-iii-der-pfefferdieb\/#primaryimage"},"image":{"@id":"https:\/\/kloster-lorsch.de\/en\/produkt\/lesenacht-ratekrimi-iii-der-pfefferdieb\/#primaryimage"},"thumbnailUrl":"https:\/\/kloster-lorsch.de\/wp-content\/uploads\/2020\/11\/Lesenacht-Bildnachweis-M-C-Thumm-2023-10-02_1028_D8E4442-ausschnitt.jpg","datePublished":"2020-11-15T12:15:37+00:00","dateModified":"2024-01-15T09:00:39+00:00","breadcrumb":{"@id":"https:\/\/kloster-lorsch.de\/en\/produkt\/lesenacht-ratekrimi-iii-der-pfefferdieb\/#breadcrumb"},"inLanguage":"en-US","potentialAction":[{"@type":"ReadAction","target":["https:\/\/kloster-lorsch.de\/en\/produkt\/lesenacht-ratekrimi-iii-der-pfefferdieb\/"]}]},{"@type":"ImageObject","inLanguage":"en-US","@id":"https:\/\/kloster-lorsch.de\/en\/produkt\/lesenacht-ratekrimi-iii-der-pfefferdieb\/#primaryimage","url":"https:\/\/kloster-lorsch.de\/wp-content\/uploads\/2020\/11\/Lesenacht-Bildnachweis-M-C-Thumm-2023-10-02_1028_D8E4442-ausschnitt.jpg","contentUrl":"https:\/\/kloster-lorsch.de\/wp-content\/uploads\/2020\/11\/Lesenacht-Bildnachweis-M-C-Thumm-2023-10-02_1028_D8E4442-ausschnitt.jpg","width":1200,"height":750,"caption":"Bild: M. C. Thumm"},{"@type":"BreadcrumbList","@id":"https:\/\/kloster-lorsch.de\/en\/produkt\/lesenacht-ratekrimi-iii-der-pfefferdieb\/#breadcrumb","itemListElement":[{"@type":"ListItem","position":1,"name":"Startseite","item":"https:\/\/kloster-lorsch.de\/en\/"},{"@type":"ListItem","position":2,"name":"Buchbare Angebote","item":"https:\/\/kloster-lorsch.de\/kurse-workshops\/angebote\/"},{"@type":"ListItem","position":3,"name":"Lesenacht: Ratekrimi III \u2013 Der Pfefferdieb"}]},{"@type":"WebSite","@id":"https:\/\/kloster-lorsch.de\/en\/#website","url":"https:\/\/kloster-lorsch.de\/en\/","name":"UNESCO WELTERBE KLOSTER LORSCH","description":"Welterbeareal mit Freilichtlabor Lauresham","publisher":{"@id":"https:\/\/kloster-lorsch.de\/en\/#organization"},"potentialAction":[{"@type":"SearchAction","target":{"@type":"EntryPoint","urlTemplate":"https:\/\/kloster-lorsch.de\/en\/?s={search_term_string}"},"query-input":{"@type":"PropertyValueSpecification","valueRequired":true,"valueName":"search_term_string"}}],"inLanguage":"en-US"},{"@type":"Organization","@id":"https:\/\/kloster-lorsch.de\/en\/#organization","name":"UNESCO Welterbe Kloster Lorsch","alternateName":"WEKL","url":"https:\/\/kloster-lorsch.de\/en\/","logo":{"@type":"ImageObject","inLanguage":"en-US","@id":"https:\/\/kloster-lorsch.de\/en\/#\/schema\/logo\/image\/","url":"https:\/\/kloster-lorsch.de\/wp-content\/uploads\/2020\/06\/WEKL_logo-weiss.png","contentUrl":"https:\/\/kloster-lorsch.de\/wp-content\/uploads\/2020\/06\/WEKL_logo-weiss.png","width":2742,"height":2370,"caption":"UNESCO Welterbe Kloster Lorsch"},"image":{"@id":"https:\/\/kloster-lorsch.de\/en\/#\/schema\/logo\/image\/"},"sameAs":["https:\/\/www.facebook.com\/klosterlorsch","https:\/\/www.youtube.com\/channel\/UCscD4hbr10MaVxxOJhPpvOQ","https:\/\/de.wikipedia.org\/wiki\/Kloster_Lorsch"]}]}},"_links":{"self":[{"href":"https:\/\/kloster-lorsch.de\/en\/wp-json\/wp\/v2\/product\/2275","targetHints":{"allow":["GET"]}}],"collection":[{"href":"https:\/\/kloster-lorsch.de\/en\/wp-json\/wp\/v2\/product"}],"about":[{"href":"https:\/\/kloster-lorsch.de\/en\/wp-json\/wp\/v2\/types\/product"}],"version-history":[{"count":0,"href":"https:\/\/kloster-lorsch.de\/en\/wp-json\/wp\/v2\/product\/2275\/revisions"}],"wp:featuredmedia":[{"embeddable":true,"href":"https:\/\/kloster-lorsch.de\/en\/wp-json\/wp\/v2\/media\/13611"}],"wp:attachment":[{"href":"https:\/\/kloster-lorsch.de\/en\/wp-json\/wp\/v2\/media?parent=2275"}],"wp:term":[{"taxonomy":"product_brand","embeddable":true,"href":"https:\/\/kloster-lorsch.de\/en\/wp-json\/wp\/v2\/product_brand?post=2275"},{"taxonomy":"product_cat","embeddable":true,"href":"https:\/\/kloster-lorsch.de\/en\/wp-json\/wp\/v2\/product_cat?post=2275"},{"taxonomy":"product_tag","embeddable":true,"href":"https:\/\/kloster-lorsch.de\/en\/wp-json\/wp\/v2\/product_tag?post=2275"}],"curies":[{"name":"wp","href":"https:\/\/api.w.org\/{rel}","templated":true}]}}